{"id":418,"date":"2022-08-31T13:21:44","date_gmt":"2022-08-31T13:21:44","guid":{"rendered":"https:\/\/dianasilver.hu\/product\/ezust-lanc-4\/"},"modified":"2026-05-01T18:19:20","modified_gmt":"2026-05-01T16:19:20","slug":"ezust-lanc-walles-45-2","status":"publish","type":"product","link":"https:\/\/drescherjewellery.com\/hu\/termek\/ezust-lanc-walles-45-2\/","title":{"rendered":"Ez\u00fcst l\u00e1nc Walles 45cm \/vastag\/"},"content":{"rendered":"<h2 data-start=\"0\" data-end=\"81\"><strong data-start=\"3\" data-end=\"79\">Ez\u00fcst Walles l\u00e1nc 45 cm \u2013 modern minimalizmus \u00e9s elegancia egy \u00e9kszerben<\/strong><\/h2>\n<p data-start=\"83\" data-end=\"398\">A <strong data-start=\"85\" data-end=\"100\">Walles l\u00e1nc<\/strong> finom kidolgoz\u00e1s\u00fa, m\u00e9gis karakteres megjelen\u00e9st biztos\u00edt visel\u0151j\u00e9nek. <strong data-start=\"171\" data-end=\"198\">AG 925 ez\u00fcstb\u0151l k\u00e9sz\u00fclt<\/strong>, term\u00e9szetes f\u00e9ny\u00e9vel \u00e9s letisztult diz\u00e1jnj\u00e1val b\u00e1rmilyen st\u00edlushoz t\u00f6k\u00e9letesen illik. <strong data-start=\"286\" data-end=\"309\">45 cm hossz\u00fas\u00e1g\u00e1val<\/strong> k\u00e9nyelmes viseletet biztos\u00edt, ak\u00e1r \u00f6nmag\u00e1ban, ak\u00e1r egy k\u00fcl\u00f6nleges med\u00e1llal kombin\u00e1lva.<\/p>\n<p data-start=\"400\" data-end=\"438\">\u2728 <strong data-start=\"402\" data-end=\"436\">Mit szimboliz\u00e1l a Walles l\u00e1nc?<\/strong><\/p>\n<ul data-start=\"439\" data-end=\"633\">\n<li data-start=\"439\" data-end=\"501\"><strong data-start=\"441\" data-end=\"460\">Finom elegancia<\/strong> \u2013 Egyszer\u0171, m\u00e9gis st\u00edlusos megjelen\u00e9s.<\/li>\n<li data-start=\"502\" data-end=\"558\"><strong data-start=\"504\" data-end=\"525\">Letisztult diz\u00e1jn<\/strong> \u2013 Modern \u00e9s kifinomult \u00e9kszer.<\/li>\n<li data-start=\"559\" data-end=\"633\"><strong data-start=\"561\" data-end=\"577\">Sokoldal\u00fas\u00e1g<\/strong> \u2013 H\u00e9tk\u00f6znapi \u00e9s alkalmi viseletre egyar\u00e1nt t\u00f6k\u00e9letes.<\/li>\n<\/ul>\n<p data-start=\"635\" data-end=\"1014\">\ud83d\udd39 <strong data-start=\"638\" data-end=\"669\">Mi\u00e9rt v\u00e1laszd ezt a l\u00e1ncot?<\/strong><br data-start=\"669\" data-end=\"672\" \/>\u2714 <strong data-start=\"674\" data-end=\"693\">Pr\u00e9mium min\u0151s\u00e9g<\/strong> \u2013 Val\u00f3di <strong data-start=\"703\" data-end=\"719\">AG 925 ez\u00fcst<\/strong>, amely hossz\u00fa t\u00e1von is meg\u0151rzi sz\u00e9ps\u00e9g\u00e9t.<br data-start=\"761\" data-end=\"764\" \/>\u2714 <strong data-start=\"766\" data-end=\"803\" data-is-only-node=\"\">Eleg\u00e1ns \u00e9s minimalista kialak\u00edt\u00e1s<\/strong> \u2013 T\u00f6k\u00e9letes kieg\u00e9sz\u00edt\u0151je b\u00e1rmely st\u00edlusnak.<br data-start=\"847\" data-end=\"850\" \/>\u2714 <strong data-start=\"852\" data-end=\"871\">45 cm hossz\u00fas\u00e1g<\/strong> \u2013 K\u00e9nyelmes viselet, amely sz\u00e9pen illeszkedik a dekolt\u00e1zshoz.<br data-start=\"933\" data-end=\"936\" \/>\u2714 <strong data-start=\"938\" data-end=\"957\">Uniszex viselet<\/strong> \u2013 F\u00e9rfiak \u00e9s n\u0151k sz\u00e1m\u00e1ra egyar\u00e1nt t\u00f6k\u00e9letes v\u00e1laszt\u00e1s.<\/p>\n<p data-start=\"1016\" data-end=\"1153\">\ud83c\udf81 <strong data-start=\"1019\" data-end=\"1045\">Aj\u00e1nd\u00e9knak is ide\u00e1lis!<\/strong><br data-start=\"1045\" data-end=\"1048\" \/>Egy st\u00edlusos \u00e9s kifinomult \u00e9kszer, amely t\u00f6k\u00e9letes meglepet\u00e9s szeretteidnek \u2013 vagy ak\u00e1r saj\u00e1t magadnak!<\/p>\n<p data-start=\"1155\" data-end=\"1230\" data-is-last-node=\"\" data-is-only-node=\"\">\u2728 <strong data-start=\"1157\" data-end=\"1227\">Eg\u00e9sz\u00edtsd ki megjelen\u00e9sed ezzel az id\u0151tlen sz\u00e9ps\u00e9g\u0171 ez\u00fcst l\u00e1nccal!<\/strong> \ud83d\udc8e<\/p>\n","protected":false},"excerpt":{"rendered":"<p>\u2728 <strong data-start=\"22\" data-end=\"94\">Ez\u00fcst Walles l\u00e1nc 45 cm \u2013 letisztult elegancia mindennapi viseletre!<\/strong><br data-start=\"94\" data-end=\"97\" \/>Kifinomult <strong data-start=\"108\" data-end=\"136\">AG 925 ez\u00fcst Walles l\u00e1nc<\/strong>, amely minimalista, m\u00e9gis figyelemfelkelt\u0151 megjelen\u00e9st biztos\u00edt. Kiv\u00e1l\u00f3 v\u00e1laszt\u00e1s \u00f6nmag\u00e1ban \u00e9s med\u00e1llal viselve egyar\u00e1nt.<\/p>\n","protected":false},"featured_media":1854,"template":"","meta":[],"product_brand":[],"product_cat":[63],"product_tag":[513],"class_list":{"0":"post-418","1":"product","2":"type-product","3":"status-publish","4":"has-post-thumbnail","6":"product_cat-ezust-nyaklanc","7":"product_tag-noi-ezust-ekszerek","8":"description-off","10":"first","11":"instock","12":"taxable","13":"shipping-taxable","14":"purchasable","15":"product-type-simple"},"yoast_head":"<!-- This site is optimized with the Yoast SEO Premium plugin v26.8 (Yoast SEO v27.4) - https:\/\/yoast.com\/product\/yoast-seo-premium-wordpress\/ -->\n<title>Ez\u00fcst l\u00e1nc Walles 45cm \/vastag\/ | Drescher Jewellery<\/title>\n<meta name=\"description\" content=\"Fedezd fel a leny\u0171g\u00f6z\u0151 Ez\u00fcst l\u00e1nc Walles 45cm \/vastag\/ \u00e9kszer\u00fcnket. T\u00f6k\u00e9letes kieg\u00e9sz\u00edt\u0151 mindennapi viselethez \u00e9s k\u00fcl\u00f6nleges alkalmakra egyar\u00e1nt. Rendeld meg most!\" \/>\n<meta name=\"robots\" content=\"index, follow, max-snippet:-1, max-image-preview:large, max-video-preview:-1\" \/>\n<link rel=\"canonical\" href=\"https:\/\/drescherjewellery.com\/hu\/termek\/ezust-lanc-walles-45-2\/\" \/>\n<meta property=\"og:locale\" content=\"hu_HU\" \/>\n<meta property=\"og:type\" content=\"article\" \/>\n<meta property=\"og:title\" content=\"Ez\u00fcst l\u00e1nc Walles 45cm \/vastag\/\" \/>\n<meta property=\"og:description\" content=\"Fedezd fel a leny\u0171g\u00f6z\u0151 Ez\u00fcst l\u00e1nc Walles 45cm \/vastag\/ \u00e9kszer\u00fcnket. T\u00f6k\u00e9letes kieg\u00e9sz\u00edt\u0151 mindennapi viselethez \u00e9s k\u00fcl\u00f6nleges alkalmakra egyar\u00e1nt. Rendeld meg most!\" \/>\n<meta property=\"og:url\" content=\"https:\/\/drescherjewellery.com\/hu\/termek\/ezust-lanc-walles-45-2\/\" \/>\n<meta property=\"og:site_name\" content=\"Drescher Jewellery\" \/>\n<meta property=\"article:publisher\" content=\"https:\/\/www.facebook.com\/drescherjewellery\" \/>\n<meta property=\"article:modified_time\" content=\"2026-05-01T16:19:20+00:00\" \/>\n<meta property=\"og:image\" content=\"https:\/\/drescherjewellery.com\/wp-content\/uploads\/2022\/08\/ezust-lanc-walles-45cm-vastag-1854.jpg\" \/>\n\t<meta property=\"og:image:width\" content=\"800\" \/>\n\t<meta property=\"og:image:height\" content=\"800\" \/>\n\t<meta property=\"og:image:type\" content=\"image\/jpeg\" \/>\n<meta name=\"twitter:card\" content=\"summary_large_image\" \/>\n<meta name=\"twitter:label1\" content=\"Becs\u00fclt olvas\u00e1si id\u0151\" \/>\n\t<meta name=\"twitter:data1\" content=\"2 perc\" \/>\n<script type=\"application\/ld+json\" class=\"yoast-schema-graph\">{\"@context\":\"https:\\\/\\\/schema.org\",\"@graph\":[{\"@type\":\"WebPage\",\"@id\":\"https:\\\/\\\/drescherjewellery.com\\\/hu\\\/termek\\\/ezust-lanc-walles-45-2\\\/\",\"url\":\"https:\\\/\\\/drescherjewellery.com\\\/hu\\\/termek\\\/ezust-lanc-walles-45-2\\\/\",\"name\":\"Ez\u00fcst l\u00e1nc Walles 45cm \\\/vastag\\\/ | Drescher Jewellery\",\"isPartOf\":{\"@id\":\"https:\\\/\\\/drescherjewellery.com\\\/hu\\\/#website\"},\"primaryImageOfPage\":{\"@id\":\"https:\\\/\\\/drescherjewellery.com\\\/hu\\\/termek\\\/ezust-lanc-walles-45-2\\\/#primaryimage\"},\"image\":{\"@id\":\"https:\\\/\\\/drescherjewellery.com\\\/hu\\\/termek\\\/ezust-lanc-walles-45-2\\\/#primaryimage\"},\"thumbnailUrl\":\"https:\\\/\\\/drescherjewellery.com\\\/wp-content\\\/uploads\\\/2022\\\/08\\\/ezust-lanc-walles-45cm-vastag-1854.jpg\",\"datePublished\":\"2022-08-31T13:21:44+00:00\",\"dateModified\":\"2026-05-01T16:19:20+00:00\",\"description\":\"Fedezd fel a leny\u0171g\u00f6z\u0151 Ez\u00fcst l\u00e1nc Walles 45cm \\\/vastag\\\/ \u00e9kszer\u00fcnket. T\u00f6k\u00e9letes kieg\u00e9sz\u00edt\u0151 mindennapi viselethez \u00e9s k\u00fcl\u00f6nleges alkalmakra egyar\u00e1nt. Rendeld meg most!\",\"breadcrumb\":{\"@id\":\"https:\\\/\\\/drescherjewellery.com\\\/hu\\\/termek\\\/ezust-lanc-walles-45-2\\\/#breadcrumb\"},\"inLanguage\":\"hu\",\"potentialAction\":[{\"@type\":\"ReadAction\",\"target\":[\"https:\\\/\\\/drescherjewellery.com\\\/hu\\\/termek\\\/ezust-lanc-walles-45-2\\\/\"]}]},{\"@type\":\"ImageObject\",\"inLanguage\":\"hu\",\"@id\":\"https:\\\/\\\/drescherjewellery.com\\\/hu\\\/termek\\\/ezust-lanc-walles-45-2\\\/#primaryimage\",\"url\":\"https:\\\/\\\/drescherjewellery.com\\\/wp-content\\\/uploads\\\/2022\\\/08\\\/ezust-lanc-walles-45cm-vastag-1854.jpg\",\"contentUrl\":\"https:\\\/\\\/drescherjewellery.com\\\/wp-content\\\/uploads\\\/2022\\\/08\\\/ezust-lanc-walles-45cm-vastag-1854.jpg\",\"width\":800,\"height\":800},{\"@type\":\"BreadcrumbList\",\"@id\":\"https:\\\/\\\/drescherjewellery.com\\\/hu\\\/termek\\\/ezust-lanc-walles-45-2\\\/#breadcrumb\",\"itemListElement\":[{\"@type\":\"ListItem\",\"position\":1,\"name\":\"Kezd\u0151lap\",\"item\":\"https:\\\/\\\/drescherjewellery.com\\\/hu\\\/\"},{\"@type\":\"ListItem\",\"position\":2,\"name\":\"Shop\",\"item\":\"https:\\\/\\\/drescherjewellery.com\\\/shop\\\/\"},{\"@type\":\"ListItem\",\"position\":3,\"name\":\"Ez\u00fcst l\u00e1nc Walles 45cm \\\/vastag\\\/\"}]},{\"@type\":\"WebSite\",\"@id\":\"https:\\\/\\\/drescherjewellery.com\\\/hu\\\/#website\",\"url\":\"https:\\\/\\\/drescherjewellery.com\\\/hu\\\/\",\"name\":\"Drescher Jewellery\",\"description\":\"Tedd t\u00f6k\u00e9letesebb\u00e9 mindennapjaid a Drescher Jewellery \u00e9kszereivel.\",\"publisher\":{\"@id\":\"https:\\\/\\\/drescherjewellery.com\\\/hu\\\/#organization\"},\"alternateName\":\"Ez\u00fcst \u00c9kszer Web\u00e1ruh\u00e1z\",\"potentialAction\":[{\"@type\":\"SearchAction\",\"target\":{\"@type\":\"EntryPoint\",\"urlTemplate\":\"https:\\\/\\\/drescherjewellery.com\\\/hu\\\/?s={search_term_string}\"},\"query-input\":{\"@type\":\"PropertyValueSpecification\",\"valueRequired\":true,\"valueName\":\"search_term_string\"}}],\"inLanguage\":\"hu\"},{\"@type\":\"Organization\",\"@id\":\"https:\\\/\\\/drescherjewellery.com\\\/hu\\\/#organization\",\"name\":\"Drescher Jewellery\",\"url\":\"https:\\\/\\\/drescherjewellery.com\\\/hu\\\/\",\"logo\":{\"@type\":\"ImageObject\",\"inLanguage\":\"hu\",\"@id\":\"https:\\\/\\\/drescherjewellery.com\\\/hu\\\/#\\\/schema\\\/logo\\\/image\\\/\",\"url\":\"https:\\\/\\\/drescherjewellery.com\\\/wp-content\\\/uploads\\\/2026\\\/01\\\/Drescher-Jewellery-wpml.png\",\"contentUrl\":\"https:\\\/\\\/drescherjewellery.com\\\/wp-content\\\/uploads\\\/2026\\\/01\\\/Drescher-Jewellery-wpml.png\",\"width\":500,\"height\":500,\"caption\":\"Drescher Jewellery\"},\"image\":{\"@id\":\"https:\\\/\\\/drescherjewellery.com\\\/hu\\\/#\\\/schema\\\/logo\\\/image\\\/\"},\"sameAs\":[\"https:\\\/\\\/www.facebook.com\\\/drescherjewellery\",\"https:\\\/\\\/www.instagram.com\\\/drescherjewellery\",\"https:\\\/\\\/www.tiktok.com\\\/@drescherjewellery\"]}]}<\/script>\n<!-- \/ Yoast SEO Premium plugin. -->","yoast_head_json":{"title":"Ez\u00fcst l\u00e1nc Walles 45cm \/vastag\/ | Drescher Jewellery","description":"Fedezd fel a leny\u0171g\u00f6z\u0151 Ez\u00fcst l\u00e1nc Walles 45cm \/vastag\/ \u00e9kszer\u00fcnket. T\u00f6k\u00e9letes kieg\u00e9sz\u00edt\u0151 mindennapi viselethez \u00e9s k\u00fcl\u00f6nleges alkalmakra egyar\u00e1nt. Rendeld meg most!","robots":{"index":"index","follow":"follow","max-snippet":"max-snippet:-1","max-image-preview":"max-image-preview:large","max-video-preview":"max-video-preview:-1"},"canonical":"https:\/\/drescherjewellery.com\/hu\/termek\/ezust-lanc-walles-45-2\/","og_locale":"hu_HU","og_type":"article","og_title":"Ez\u00fcst l\u00e1nc Walles 45cm \/vastag\/","og_description":"Fedezd fel a leny\u0171g\u00f6z\u0151 Ez\u00fcst l\u00e1nc Walles 45cm \/vastag\/ \u00e9kszer\u00fcnket. T\u00f6k\u00e9letes kieg\u00e9sz\u00edt\u0151 mindennapi viselethez \u00e9s k\u00fcl\u00f6nleges alkalmakra egyar\u00e1nt. Rendeld meg most!","og_url":"https:\/\/drescherjewellery.com\/hu\/termek\/ezust-lanc-walles-45-2\/","og_site_name":"Drescher Jewellery","article_publisher":"https:\/\/www.facebook.com\/drescherjewellery","article_modified_time":"2026-05-01T16:19:20+00:00","og_image":[{"width":800,"height":800,"url":"https:\/\/drescherjewellery.com\/wp-content\/uploads\/2022\/08\/ezust-lanc-walles-45cm-vastag-1854.jpg","type":"image\/jpeg"}],"twitter_card":"summary_large_image","twitter_misc":{"Becs\u00fclt olvas\u00e1si id\u0151":"2 perc"},"schema":{"@context":"https:\/\/schema.org","@graph":[{"@type":"WebPage","@id":"https:\/\/drescherjewellery.com\/hu\/termek\/ezust-lanc-walles-45-2\/","url":"https:\/\/drescherjewellery.com\/hu\/termek\/ezust-lanc-walles-45-2\/","name":"Ez\u00fcst l\u00e1nc Walles 45cm \/vastag\/ | Drescher Jewellery","isPartOf":{"@id":"https:\/\/drescherjewellery.com\/hu\/#website"},"primaryImageOfPage":{"@id":"https:\/\/drescherjewellery.com\/hu\/termek\/ezust-lanc-walles-45-2\/#primaryimage"},"image":{"@id":"https:\/\/drescherjewellery.com\/hu\/termek\/ezust-lanc-walles-45-2\/#primaryimage"},"thumbnailUrl":"https:\/\/drescherjewellery.com\/wp-content\/uploads\/2022\/08\/ezust-lanc-walles-45cm-vastag-1854.jpg","datePublished":"2022-08-31T13:21:44+00:00","dateModified":"2026-05-01T16:19:20+00:00","description":"Fedezd fel a leny\u0171g\u00f6z\u0151 Ez\u00fcst l\u00e1nc Walles 45cm \/vastag\/ \u00e9kszer\u00fcnket. T\u00f6k\u00e9letes kieg\u00e9sz\u00edt\u0151 mindennapi viselethez \u00e9s k\u00fcl\u00f6nleges alkalmakra egyar\u00e1nt. Rendeld meg most!","breadcrumb":{"@id":"https:\/\/drescherjewellery.com\/hu\/termek\/ezust-lanc-walles-45-2\/#breadcrumb"},"inLanguage":"hu","potentialAction":[{"@type":"ReadAction","target":["https:\/\/drescherjewellery.com\/hu\/termek\/ezust-lanc-walles-45-2\/"]}]},{"@type":"ImageObject","inLanguage":"hu","@id":"https:\/\/drescherjewellery.com\/hu\/termek\/ezust-lanc-walles-45-2\/#primaryimage","url":"https:\/\/drescherjewellery.com\/wp-content\/uploads\/2022\/08\/ezust-lanc-walles-45cm-vastag-1854.jpg","contentUrl":"https:\/\/drescherjewellery.com\/wp-content\/uploads\/2022\/08\/ezust-lanc-walles-45cm-vastag-1854.jpg","width":800,"height":800},{"@type":"BreadcrumbList","@id":"https:\/\/drescherjewellery.com\/hu\/termek\/ezust-lanc-walles-45-2\/#breadcrumb","itemListElement":[{"@type":"ListItem","position":1,"name":"Kezd\u0151lap","item":"https:\/\/drescherjewellery.com\/hu\/"},{"@type":"ListItem","position":2,"name":"Shop","item":"https:\/\/drescherjewellery.com\/shop\/"},{"@type":"ListItem","position":3,"name":"Ez\u00fcst l\u00e1nc Walles 45cm \/vastag\/"}]},{"@type":"WebSite","@id":"https:\/\/drescherjewellery.com\/hu\/#website","url":"https:\/\/drescherjewellery.com\/hu\/","name":"Drescher Jewellery","description":"Tedd t\u00f6k\u00e9letesebb\u00e9 mindennapjaid a Drescher Jewellery \u00e9kszereivel.","publisher":{"@id":"https:\/\/drescherjewellery.com\/hu\/#organization"},"alternateName":"Ez\u00fcst \u00c9kszer Web\u00e1ruh\u00e1z","potentialAction":[{"@type":"SearchAction","target":{"@type":"EntryPoint","urlTemplate":"https:\/\/drescherjewellery.com\/hu\/?s={search_term_string}"},"query-input":{"@type":"PropertyValueSpecification","valueRequired":true,"valueName":"search_term_string"}}],"inLanguage":"hu"},{"@type":"Organization","@id":"https:\/\/drescherjewellery.com\/hu\/#organization","name":"Drescher Jewellery","url":"https:\/\/drescherjewellery.com\/hu\/","logo":{"@type":"ImageObject","inLanguage":"hu","@id":"https:\/\/drescherjewellery.com\/hu\/#\/schema\/logo\/image\/","url":"https:\/\/drescherjewellery.com\/wp-content\/uploads\/2026\/01\/Drescher-Jewellery-wpml.png","contentUrl":"https:\/\/drescherjewellery.com\/wp-content\/uploads\/2026\/01\/Drescher-Jewellery-wpml.png","width":500,"height":500,"caption":"Drescher Jewellery"},"image":{"@id":"https:\/\/drescherjewellery.com\/hu\/#\/schema\/logo\/image\/"},"sameAs":["https:\/\/www.facebook.com\/drescherjewellery","https:\/\/www.instagram.com\/drescherjewellery","https:\/\/www.tiktok.com\/@drescherjewellery"]}]}},"_links":{"self":[{"href":"https:\/\/drescherjewellery.com\/hu\/wp-json\/wp\/v2\/product\/418","targetHints":{"allow":["GET"]}}],"collection":[{"href":"https:\/\/drescherjewellery.com\/hu\/wp-json\/wp\/v2\/product"}],"about":[{"href":"https:\/\/drescherjewellery.com\/hu\/wp-json\/wp\/v2\/types\/product"}],"version-history":[{"count":1,"href":"https:\/\/drescherjewellery.com\/hu\/wp-json\/wp\/v2\/product\/418\/revisions"}],"predecessor-version":[{"id":118974,"href":"https:\/\/drescherjewellery.com\/hu\/wp-json\/wp\/v2\/product\/418\/revisions\/118974"}],"wp:featuredmedia":[{"embeddable":true,"href":"https:\/\/drescherjewellery.com\/hu\/wp-json\/wp\/v2\/media\/1854"}],"wp:attachment":[{"href":"https:\/\/drescherjewellery.com\/hu\/wp-json\/wp\/v2\/media?parent=418"}],"wp:term":[{"taxonomy":"product_brand","embeddable":true,"href":"https:\/\/drescherjewellery.com\/hu\/wp-json\/wp\/v2\/product_brand?post=418"},{"taxonomy":"product_cat","embeddable":true,"href":"https:\/\/drescherjewellery.com\/hu\/wp-json\/wp\/v2\/product_cat?post=418"},{"taxonomy":"product_tag","embeddable":true,"href":"https:\/\/drescherjewellery.com\/hu\/wp-json\/wp\/v2\/product_tag?post=418"}],"curies":[{"name":"wp","href":"https:\/\/api.w.org\/{rel}","templated":true}]}}